{"id":10460,"date":"2023-02-16T14:26:48","date_gmt":"2023-02-16T13:26:48","guid":{"rendered":"https:\/\/oderbruchmuseum.de\/?page_id=10460"},"modified":"2026-02-22T19:53:08","modified_gmt":"2026-02-22T18:53:08","slug":"raeume-und-ausstellungen","status":"publish","type":"page","link":"https:\/\/oderbruchmuseum.de\/pl\/raeume-und-ausstellungen\/","title":{"rendered":"Sale i wystawy"},"content":{"rendered":"<div class=\"wp-block-columns abstandoben is-layout-flex wp-container-core-columns-is-layout-9d6595d7 wp-block-columns-is-layout-flex\">\n<div class=\"wp-block-column is-layout-flow wp-block-column-is-layout-flow\">\n<p class=\"raumegross\">Park zamkowy<\/p>\n\n\n\n<figure class=\"wp-block-image size-large bildabstand\"><a href=\"https:\/\/oderbruchmuseum.de\/pl\/schlosspark\/\"><img loading=\"lazy\" decoding=\"async\" width=\"1024\" height=\"384\" data-attachment-id=\"1231\" data-permalink=\"https:\/\/oderbruchmuseum.de\/pl\/slider_museum4\/\" data-orig-file=\"https:\/\/oderbruchmuseum.de\/wp-content\/uploads\/2020\/06\/slider_Museum4.jpg\" data-orig-size=\"1600,600\" data-comments-opened=\"0\" data-image-meta=\"{&quot;aperture&quot;:&quot;0&quot;,&quot;credit&quot;:&quot;&quot;,&quot;camera&quot;:&quot;&quot;,&quot;caption&quot;:&quot;&quot;,&quot;created_timestamp&quot;:&quot;0&quot;,&quot;copyright&quot;:&quot;Alex \\&quot;Pop\\&quot; Schirmer&quot;,&quot;focal_length&quot;:&quot;0&quot;,&quot;iso&quot;:&quot;0&quot;,&quot;shutter_speed&quot;:&quot;0&quot;,&quot;title&quot;:&quot;&quot;,&quot;orientation&quot;:&quot;0&quot;}\" data-image-title=\"slider_Museum4\" data-image-description=\"\" data-image-caption=\"\" data-large-file=\"https:\/\/oderbruchmuseum.de\/wp-content\/uploads\/2020\/06\/slider_Museum4-1024x384.jpg\" src=\"https:\/\/oderbruchmuseum.de\/wp-content\/uploads\/2020\/06\/slider_Museum4-1024x384.jpg\" alt=\"Oderbruch Museum im Park\" class=\"wp-image-1231\" srcset=\"https:\/\/oderbruchmuseum.de\/wp-content\/uploads\/2020\/06\/slider_Museum4-1024x384.jpg 1024w, https:\/\/oderbruchmuseum.de\/wp-content\/uploads\/2020\/06\/slider_Museum4-300x113.jpg 300w, https:\/\/oderbruchmuseum.de\/wp-content\/uploads\/2020\/06\/slider_Museum4-768x288.jpg 768w, https:\/\/oderbruchmuseum.de\/wp-content\/uploads\/2020\/06\/slider_Museum4-1536x576.jpg 1536w, https:\/\/oderbruchmuseum.de\/wp-content\/uploads\/2020\/06\/slider_Museum4.jpg 1600w\" sizes=\"auto, (max-width: 1024px) 100vw, 1024px\" \/><\/a><\/figure>\n\n\n\n<h3 class=\"wp-block-heading raumeh2 has-medium-font-size\"><a href=\"https:\/\/oderbruchmuseum.de\/pl\/schlosspark\/\">Park<\/a><\/h3>\n\n\n\n<p>Altranfter Schlosspark to klejnot brandenburskiej architektury krajobrazu.<\/p>\n\n\n\n<p><a href=\"https:\/\/oderbruchmuseum.de\/pl\/schlosspark\/\">Wi\u0119cej<\/a><\/p>\n<\/div>\n\n\n\n<div class=\"wp-block-column is-layout-flow wp-block-column-is-layout-flow\">\n<p class=\"raumegross\">Zamek<\/p>\n\n\n\n<figure class=\"wp-block-image size-large bildabstand\"><a href=\"https:\/\/oderbruchmuseum.de\/pl\/schloss-2\/\"><img loading=\"lazy\" decoding=\"async\" width=\"1024\" height=\"384\" data-attachment-id=\"12620\" data-permalink=\"https:\/\/oderbruchmuseum.de\/pl\/raeume-und-ausstellungen\/dji_0270dji_0257-copyright-andreas-klug-2\/\" data-orig-file=\"https:\/\/oderbruchmuseum.de\/wp-content\/uploads\/2023\/11\/DJI_0270DJI_0257-copyright-Andreas-Klug-2.jpg\" data-orig-size=\"1600,600\" data-comments-opened=\"0\" data-image-meta=\"{&quot;aperture&quot;:&quot;0&quot;,&quot;credit&quot;:&quot;&quot;,&quot;camera&quot;:&quot;&quot;,&quot;caption&quot;:&quot;&quot;,&quot;created_timestamp&quot;:&quot;0&quot;,&quot;copyright&quot;:&quot;&quot;,&quot;focal_length&quot;:&quot;0&quot;,&quot;iso&quot;:&quot;0&quot;,&quot;shutter_speed&quot;:&quot;0&quot;,&quot;title&quot;:&quot;&quot;,&quot;orientation&quot;:&quot;0&quot;}\" data-image-title=\"DJI_0270DJI_0257-copyright-Andreas-Klug\" data-image-description=\"\" data-image-caption=\"&lt;p&gt;Foto Andreas-Klug&lt;\/p&gt;\" data-large-file=\"https:\/\/oderbruchmuseum.de\/wp-content\/uploads\/2023\/11\/DJI_0270DJI_0257-copyright-Andreas-Klug-2-1024x384.jpg\" src=\"https:\/\/oderbruchmuseum.de\/wp-content\/uploads\/2023\/11\/DJI_0270DJI_0257-copyright-Andreas-Klug-2-1024x384.jpg\" alt=\"Schloss Altranft\" class=\"wp-image-12620\" srcset=\"https:\/\/oderbruchmuseum.de\/wp-content\/uploads\/2023\/11\/DJI_0270DJI_0257-copyright-Andreas-Klug-2-1024x384.jpg 1024w, https:\/\/oderbruchmuseum.de\/wp-content\/uploads\/2023\/11\/DJI_0270DJI_0257-copyright-Andreas-Klug-2-300x113.jpg 300w, https:\/\/oderbruchmuseum.de\/wp-content\/uploads\/2023\/11\/DJI_0270DJI_0257-copyright-Andreas-Klug-2-768x288.jpg 768w, https:\/\/oderbruchmuseum.de\/wp-content\/uploads\/2023\/11\/DJI_0270DJI_0257-copyright-Andreas-Klug-2-1536x576.jpg 1536w, https:\/\/oderbruchmuseum.de\/wp-content\/uploads\/2023\/11\/DJI_0270DJI_0257-copyright-Andreas-Klug-2-18x7.jpg 18w, https:\/\/oderbruchmuseum.de\/wp-content\/uploads\/2023\/11\/DJI_0270DJI_0257-copyright-Andreas-Klug-2.jpg 1600w\" sizes=\"auto, (max-width: 1024px) 100vw, 1024px\" \/><\/a><\/figure>\n\n\n\n<h3 class=\"wp-block-heading raumeh2 has-medium-font-size\"><a href=\"https:\/\/oderbruchmuseum.de\/pl\/schloss-2\/\">Zamek <\/a><\/h3>\n\n\n\n<p>Obecnie zamek jest centralnym budynkiem wystawowym Muzeum Oderbruch.<\/p>\n\n\n\n<p><a href=\"https:\/\/oderbruchmuseum.de\/pl\/schloss-2\/\">Wi\u0119cej<\/a><\/p>\n<\/div>\n\n\n\n<div class=\"wp-block-column is-layout-flow wp-block-column-is-layout-flow\">\n<p class=\"raumegross\">Galeria<\/p>\n\n\n\n<figure class=\"wp-block-image size-large bildabstand\"><a href=\"https:\/\/oderbruchmuseum.de\/pl\/das-oderbruch\/\"><img loading=\"lazy\" decoding=\"async\" width=\"1024\" height=\"384\" data-attachment-id=\"677\" data-permalink=\"https:\/\/oderbruchmuseum.de\/pl\/slider_02\/\" data-orig-file=\"https:\/\/oderbruchmuseum.de\/wp-content\/uploads\/2020\/05\/slider_02.jpg\" data-orig-size=\"1600,600\" data-comments-opened=\"0\" data-image-meta=\"{&quot;aperture&quot;:&quot;0&quot;,&quot;credit&quot;:&quot;&quot;,&quot;camera&quot;:&quot;&quot;,&quot;caption&quot;:&quot;&quot;,&quot;created_timestamp&quot;:&quot;0&quot;,&quot;copyright&quot;:&quot;Alex \\&quot;Pop\\&quot; Schirmer&quot;,&quot;focal_length&quot;:&quot;0&quot;,&quot;iso&quot;:&quot;0&quot;,&quot;shutter_speed&quot;:&quot;0&quot;,&quot;title&quot;:&quot;&quot;,&quot;orientation&quot;:&quot;0&quot;}\" data-image-title=\"slider_02\" data-image-description=\"\" data-image-caption=\"\" data-large-file=\"https:\/\/oderbruchmuseum.de\/wp-content\/uploads\/2020\/05\/slider_02-1024x384.jpg\" src=\"https:\/\/oderbruchmuseum.de\/wp-content\/uploads\/2020\/05\/slider_02-1024x384.jpg\" alt=\"Besucher vor Fotowand\" class=\"wp-image-677\" srcset=\"https:\/\/oderbruchmuseum.de\/wp-content\/uploads\/2020\/05\/slider_02-1024x384.jpg 1024w, https:\/\/oderbruchmuseum.de\/wp-content\/uploads\/2020\/05\/slider_02-300x113.jpg 300w, https:\/\/oderbruchmuseum.de\/wp-content\/uploads\/2020\/05\/slider_02-768x288.jpg 768w, https:\/\/oderbruchmuseum.de\/wp-content\/uploads\/2020\/05\/slider_02-1536x576.jpg 1536w, https:\/\/oderbruchmuseum.de\/wp-content\/uploads\/2020\/05\/slider_02.jpg 1600w\" sizes=\"auto, (max-width: 1024px) 100vw, 1024px\" \/><\/a><\/figure>\n\n\n\n<h3 class=\"wp-block-heading raumeh2 has-medium-font-size\"><a href=\"https:\/\/oderbruchmuseum.de\/pl\/das-oderbruch\/\">Oderbruch<\/a><\/h3>\n\n\n\n<p>System wodny, rolnictwo, budowanie kultury, ludzie, natura<\/p>\n\n\n\n<p><a href=\"https:\/\/oderbruchmuseum.de\/pl\/das-oderbruch\/\">Wi\u0119cej<\/a><\/p>\n<\/div>\n<\/div>\n\n\n\n<div class=\"wp-block-columns is-layout-flex wp-container-core-columns-is-layout-9d6595d7 wp-block-columns-is-layout-flex\">\n<div class=\"wp-block-column is-layout-flow wp-block-column-is-layout-flow\">\n<div class=\"wp-block-group\"><div class=\"wp-block-group__inner-container is-layout-constrained wp-block-group-is-layout-constrained\">\n<p class=\"raumegross\">Galeria<\/p>\n\n\n\n<figure class=\"wp-block-image size-large bildabstand\"><a href=\"https:\/\/oderbruchmuseum.de\/pl\/das-oderbruch-gespinst\/\"><img loading=\"lazy\" decoding=\"async\" width=\"1024\" height=\"384\" data-attachment-id=\"795\" data-permalink=\"https:\/\/oderbruchmuseum.de\/pl\/slider_gespinnst3\/\" data-orig-file=\"https:\/\/oderbruchmuseum.de\/wp-content\/uploads\/2020\/05\/slider_Gespinnst3.jpg\" data-orig-size=\"1600,600\" data-comments-opened=\"0\" data-image-meta=\"{&quot;aperture&quot;:&quot;0&quot;,&quot;credit&quot;:&quot;&quot;,&quot;camera&quot;:&quot;&quot;,&quot;caption&quot;:&quot;&quot;,&quot;created_timestamp&quot;:&quot;0&quot;,&quot;copyright&quot;:&quot;Alex \\&quot;Pop\\&quot; Schirmer&quot;,&quot;focal_length&quot;:&quot;0&quot;,&quot;iso&quot;:&quot;0&quot;,&quot;shutter_speed&quot;:&quot;0&quot;,&quot;title&quot;:&quot;&quot;,&quot;orientation&quot;:&quot;0&quot;}\" data-image-title=\"slider_Gespinnst3\" data-image-description=\"\" data-image-caption=\"\" data-large-file=\"https:\/\/oderbruchmuseum.de\/wp-content\/uploads\/2020\/05\/slider_Gespinnst3-1024x384.jpg\" src=\"https:\/\/oderbruchmuseum.de\/wp-content\/uploads\/2020\/05\/slider_Gespinnst3-1024x384.jpg\" alt=\"Besucher vorm gespinst\" class=\"wp-image-795\" srcset=\"https:\/\/oderbruchmuseum.de\/wp-content\/uploads\/2020\/05\/slider_Gespinnst3-1024x384.jpg 1024w, https:\/\/oderbruchmuseum.de\/wp-content\/uploads\/2020\/05\/slider_Gespinnst3-300x113.jpg 300w, https:\/\/oderbruchmuseum.de\/wp-content\/uploads\/2020\/05\/slider_Gespinnst3-768x288.jpg 768w, https:\/\/oderbruchmuseum.de\/wp-content\/uploads\/2020\/05\/slider_Gespinnst3-1536x576.jpg 1536w, https:\/\/oderbruchmuseum.de\/wp-content\/uploads\/2020\/05\/slider_Gespinnst3.jpg 1600w\" sizes=\"auto, (max-width: 1024px) 100vw, 1024px\" \/><\/a><\/figure>\n\n\n\n<h3 class=\"wp-block-heading raumeh2 has-medium-font-size\"><a href=\"https:\/\/oderbruchmuseum.de\/pl\/das-oderbruch-gespinst\/\">Sie\u0107<\/a><\/h3>\n\n\n\n<p>Dzie\u0142o Antje Scholz o idiosynkratycznej topografii Oderbruchu, jego napi\u0119tych warunkach wodnych i trudnym \u017cyciu w wioskach na polderze...<\/p>\n\n\n\n<p><a href=\"https:\/\/oderbruchmuseum.de\/pl\/das-oderbruch-gespinst\/\">Wi\u0119cej<\/a><\/p>\n<\/div><\/div>\n<\/div>\n\n\n\n<div class=\"wp-block-column is-layout-flow wp-block-column-is-layout-flow\">\n<p class=\"raumegross\">Poka\u017c<\/p>\n\n\n\n<figure class=\"wp-block-image size-large bildabstand\"><a href=\"https:\/\/oderbruchmuseum.de\/pl\/schaukasten\/\"><img loading=\"lazy\" decoding=\"async\" width=\"1024\" height=\"384\" data-attachment-id=\"685\" data-permalink=\"https:\/\/oderbruchmuseum.de\/pl\/slider_10\/\" data-orig-file=\"https:\/\/oderbruchmuseum.de\/wp-content\/uploads\/2020\/05\/slider_10.jpg\" data-orig-size=\"1600,600\" data-comments-opened=\"0\" data-image-meta=\"{&quot;aperture&quot;:&quot;0&quot;,&quot;credit&quot;:&quot;&quot;,&quot;camera&quot;:&quot;&quot;,&quot;caption&quot;:&quot;&quot;,&quot;created_timestamp&quot;:&quot;0&quot;,&quot;copyright&quot;:&quot;&quot;,&quot;focal_length&quot;:&quot;0&quot;,&quot;iso&quot;:&quot;0&quot;,&quot;shutter_speed&quot;:&quot;0&quot;,&quot;title&quot;:&quot;&quot;,&quot;orientation&quot;:&quot;0&quot;}\" data-image-title=\"slider_10\" data-image-description=\"\" data-image-caption=\"\" data-large-file=\"https:\/\/oderbruchmuseum.de\/wp-content\/uploads\/2020\/05\/slider_10-1024x384.jpg\" src=\"https:\/\/oderbruchmuseum.de\/wp-content\/uploads\/2020\/05\/slider_10-1024x384.jpg\" alt=\"\" class=\"wp-image-685\" srcset=\"https:\/\/oderbruchmuseum.de\/wp-content\/uploads\/2020\/05\/slider_10-1024x384.jpg 1024w, https:\/\/oderbruchmuseum.de\/wp-content\/uploads\/2020\/05\/slider_10-300x113.jpg 300w, https:\/\/oderbruchmuseum.de\/wp-content\/uploads\/2020\/05\/slider_10-768x288.jpg 768w, https:\/\/oderbruchmuseum.de\/wp-content\/uploads\/2020\/05\/slider_10-1536x576.jpg 1536w, https:\/\/oderbruchmuseum.de\/wp-content\/uploads\/2020\/05\/slider_10.jpg 1600w\" sizes=\"auto, (max-width: 1024px) 100vw, 1024px\" \/><\/a><\/figure>\n\n\n\n<h3 class=\"wp-block-heading raumeh2 has-medium-font-size\"><a href=\"https:\/\/oderbruchmuseum.de\/pl\/schaukasten\/\">Miejsca dziedzictwa kulturowego Oderbruch<\/a><\/h3>\n\n\n\n<p>z przydatnymi informacjami, a tak\u017ce ma\u0142e przewodniki turystyczne do zabrania do domu.<\/p>\n\n\n\n<p><a href=\"https:\/\/oderbruchmuseum.de\/pl\/schaukasten\/\">Wi\u0119cej<\/a><\/p>\n<\/div>\n\n\n\n<div class=\"wp-block-column is-layout-flow wp-block-column-is-layout-flow\">\n<div class=\"wp-block-group\"><div class=\"wp-block-group__inner-container is-layout-constrained wp-block-group-is-layout-constrained\">\n<div class=\"wp-block-group\"><div class=\"wp-block-group__inner-container is-layout-constrained wp-block-group-is-layout-constrained\">\n<p class=\"raumegross\">Szafa<\/p>\n\n\n\n<figure class=\"wp-block-image size-large bildabstand\"><a href=\"https:\/\/oderbruchmuseum.de\/pl\/kabinett\/\"><img loading=\"lazy\" decoding=\"async\" width=\"1024\" height=\"384\" data-attachment-id=\"14204\" data-permalink=\"https:\/\/oderbruchmuseum.de\/pl\/kabinett\/karte-2\/\" data-orig-file=\"https:\/\/oderbruchmuseum.de\/wp-content\/uploads\/2020\/06\/Karte.webp\" data-orig-size=\"1600,600\" data-comments-opened=\"0\" data-image-meta=\"{&quot;aperture&quot;:&quot;0&quot;,&quot;credit&quot;:&quot;&quot;,&quot;camera&quot;:&quot;&quot;,&quot;caption&quot;:&quot;&quot;,&quot;created_timestamp&quot;:&quot;0&quot;,&quot;copyright&quot;:&quot;&quot;,&quot;focal_length&quot;:&quot;0&quot;,&quot;iso&quot;:&quot;0&quot;,&quot;shutter_speed&quot;:&quot;0&quot;,&quot;title&quot;:&quot;&quot;,&quot;orientation&quot;:&quot;0&quot;}\" data-image-title=\"Karte\" data-image-description=\"\" data-image-caption=\"\" data-large-file=\"https:\/\/oderbruchmuseum.de\/wp-content\/uploads\/2020\/06\/Karte-1024x384.webp\" src=\"https:\/\/oderbruchmuseum.de\/wp-content\/uploads\/2020\/06\/Karte-1024x384.webp\" alt=\"Besucher betrachten die Karte\" class=\"wp-image-14204\" srcset=\"https:\/\/oderbruchmuseum.de\/wp-content\/uploads\/2020\/06\/Karte-1024x384.webp 1024w, https:\/\/oderbruchmuseum.de\/wp-content\/uploads\/2020\/06\/Karte-300x113.webp 300w, https:\/\/oderbruchmuseum.de\/wp-content\/uploads\/2020\/06\/Karte-768x288.webp 768w, https:\/\/oderbruchmuseum.de\/wp-content\/uploads\/2020\/06\/Karte-1536x576.webp 1536w, https:\/\/oderbruchmuseum.de\/wp-content\/uploads\/2020\/06\/Karte-18x7.webp 18w, https:\/\/oderbruchmuseum.de\/wp-content\/uploads\/2020\/06\/Karte.webp 1600w\" sizes=\"auto, (max-width: 1024px) 100vw, 1024px\" \/><\/a><\/figure>\n\n\n\n<h3 class=\"wp-block-heading raumeh2 has-medium-font-size\"><a href=\"https:\/\/oderbruchmuseum.de\/pl\/cis-trops-blaps-und-die-anderen\/\">Peupling! <\/a><\/h3>\n\n\n\n<p>Podej\u015bcie do kolonizacji Oderbruch na podstawie serii map Schmettauschen<\/p>\n<\/div><\/div>\n\n\n\n<p class=\"raume\"><a href=\"https:\/\/oderbruchmuseum.de\/pl\/cis-trops-blaps-und-die-anderen\/\">Wi\u0119cej<\/a><\/p>\n<\/div><\/div>\n<\/div>\n<\/div>\n\n\n\n<div class=\"wp-block-columns is-layout-flex wp-container-core-columns-is-layout-9d6595d7 wp-block-columns-is-layout-flex\">\n<div class=\"wp-block-column is-layout-flow wp-block-column-is-layout-flow\">\n<div class=\"wp-block-group\"><div class=\"wp-block-group__inner-container is-layout-constrained wp-block-group-is-layout-constrained\">\n<p class=\"raumegross\">Bieg marmurowy<\/p>\n\n\n\n<figure class=\"wp-block-image bildabstand\"><a href=\"https:\/\/oderbruchmuseum.de\/pl\/oderbruch-murmelbahn\/\"><img decoding=\"async\" src=\"https:\/\/oderbruchmuseum.de\/wp-content\/uploads\/2020\/06\/slider_murmel.jpg\" alt=\"Oderbruch Murmelbahn\"\/><\/a><\/figure>\n\n\n\n<h3 class=\"wp-block-heading raumeh2 has-medium-font-size\"><a href=\"https:\/\/oderbruchmuseum.de\/pl\/oderbruch-murmelbahn\/\">Obiekt do zabawy<\/a><\/h3>\n\n\n\n<p>Oderbruch Murmelbahn Reiniera Scheera opisuje w przybli\u017ceniu system wodny p\u00f3\u0142nocnego p\u0119kni\u0119cia pomi\u0119dzy G\u00fcstebiese, Wriezen, Bad Freienwalde i Hohensaaten....<\/p>\n\n\n\n<p><a href=\"https:\/\/oderbruchmuseum.de\/pl\/oderbruch-murmelbahn\/\">Wi\u0119cej<\/a><\/p>\n\n\n\n<p><\/p>\n<\/div><\/div>\n<\/div>\n\n\n\n<div class=\"wp-block-column is-layout-flow wp-block-column-is-layout-flow\">\n<p class=\"raumegross\">Studiolo<\/p>\n\n\n\n<figure class=\"wp-block-image bildabstand\"><a href=\"https:\/\/oderbruchmuseum.de\/pl\/studiolo\/\"><img decoding=\"async\" src=\"https:\/\/oderbruchmuseum.de\/wp-content\/uploads\/2020\/05\/slider_08.jpg\" alt=\"Ansicht Studiolo\"\/><\/a><\/figure>\n\n\n\n<p>Pok\u00f3j do nauki dla Oderbruchu...<\/p>\n\n\n\n<p><a href=\"https:\/\/oderbruchmuseum.de\/pl\/studiolo\/\">Wi\u0119cej<\/a><\/p>\n<\/div>\n\n\n\n<div class=\"wp-block-column is-layout-flow wp-block-column-is-layout-flow\">\n<div class=\"wp-block-group\"><div class=\"wp-block-group__inner-container is-layout-constrained wp-block-group-is-layout-constrained\">\n<p class=\"raumegross\">Sklepienie piwnicy<\/p>\n\n\n\n<figure class=\"wp-block-image size-large bildabstand\"><a href=\"https:\/\/oderbruchmuseum.de\/pl\/gewoelbekeller\/\"><img loading=\"lazy\" decoding=\"async\" width=\"1024\" height=\"384\" data-attachment-id=\"8571\" data-permalink=\"https:\/\/oderbruchmuseum.de\/pl\/gewoelbekeller\/100xoderbruch\/\" data-orig-file=\"https:\/\/oderbruchmuseum.de\/wp-content\/uploads\/2022\/04\/100xoderbruch.jpg\" data-orig-size=\"1600,600\" data-comments-opened=\"0\" data-image-meta=\"{&quot;aperture&quot;:&quot;0&quot;,&quot;credit&quot;:&quot;&quot;,&quot;camera&quot;:&quot;&quot;,&quot;caption&quot;:&quot;&quot;,&quot;created_timestamp&quot;:&quot;0&quot;,&quot;copyright&quot;:&quot;&quot;,&quot;focal_length&quot;:&quot;0&quot;,&quot;iso&quot;:&quot;0&quot;,&quot;shutter_speed&quot;:&quot;0&quot;,&quot;title&quot;:&quot;&quot;,&quot;orientation&quot;:&quot;0&quot;}\" data-image-title=\"100xoderbruch\" data-image-description=\"\" data-image-caption=\"\" data-large-file=\"https:\/\/oderbruchmuseum.de\/wp-content\/uploads\/2022\/04\/100xoderbruch-1024x384.jpg\" src=\"https:\/\/oderbruchmuseum.de\/wp-content\/uploads\/2022\/04\/100xoderbruch-1024x384.jpg\" alt=\"\" class=\"wp-image-8571\" srcset=\"https:\/\/oderbruchmuseum.de\/wp-content\/uploads\/2022\/04\/100xoderbruch-1024x384.jpg 1024w, https:\/\/oderbruchmuseum.de\/wp-content\/uploads\/2022\/04\/100xoderbruch-300x113.jpg 300w, https:\/\/oderbruchmuseum.de\/wp-content\/uploads\/2022\/04\/100xoderbruch-768x288.jpg 768w, https:\/\/oderbruchmuseum.de\/wp-content\/uploads\/2022\/04\/100xoderbruch-1536x576.jpg 1536w, https:\/\/oderbruchmuseum.de\/wp-content\/uploads\/2022\/04\/100xoderbruch.jpg 1600w\" sizes=\"auto, (max-width: 1024px) 100vw, 1024px\" \/><\/a><\/figure>\n\n\n\n<h3 class=\"wp-block-heading raumeh2 has-medium-font-size\"><a href=\"https:\/\/oderbruchmuseum.de\/pl\/gewoelbekeller\/\">100 obiekt\u00f3w Oderbruch<\/a><\/h3>\n\n\n\n<p>Oderbruch w hologramowych reprezentacjach znacz\u0105cych obiekt\u00f3w, kt\u00f3re m\u00f3wi\u0105 co\u015b o krajobrazie.<\/p>\n\n\n\n<p><a href=\"https:\/\/oderbruchmuseum.de\/pl\/gewoelbekeller\/\">Wi\u0119cej<\/a><\/p>\n<\/div><\/div>\n<\/div>\n<\/div>\n\n\n\n<div class=\"wp-block-columns is-layout-flex wp-container-core-columns-is-layout-9d6595d7 wp-block-columns-is-layout-flex\">\n<div class=\"wp-block-column is-layout-flow wp-block-column-is-layout-flow\">\n<div class=\"wp-block-group\"><div class=\"wp-block-group__inner-container is-layout-constrained wp-block-group-is-layout-constrained\">\n<p class=\"raumegross\">G\u00f3rne foyer<\/p>\n\n\n\n<figure class=\"wp-block-image bildabstand\"><a href=\"https:\/\/oderbruchmuseum.de\/pl\/altranft-in-zehn-kapiteln\/\"><img decoding=\"async\" src=\"https:\/\/oderbruchmuseum.de\/wp-content\/uploads\/2022\/04\/ortsgechicht.jpg\" alt=\"Ansicht Ausstellung\"\/><\/a><\/figure>\n\n\n\n<h3 class=\"wp-block-heading raumeh2 has-medium-font-size\"><a href=\"https:\/\/oderbruchmuseum.de\/pl\/altranft-in-zehn-kapiteln\/\">Altranft w dziesi\u0119ciu rozdzia\u0142ach<\/a><\/h3>\n\n\n\n<p>Zbli\u017caj\u0105c si\u0119 do historii wsi. Od starej wioski rybackiej do wsi rolniczej, od socjalistycznego centrum kultury do skansenu...<\/p>\n\n\n\n<p><a href=\"https:\/\/oderbruchmuseum.de\/pl\/altranft-in-zehn-kapiteln\/\">Wi\u0119cej<\/a><\/p>\n<\/div><\/div>\n<\/div>\n\n\n\n<div class=\"wp-block-column is-layout-flow wp-block-column-is-layout-flow\">\n<p class=\"raumegross\">Pok\u00f3j 4<\/p>\n\n\n\n<figure class=\"wp-block-image size-large bildabstand\"><img loading=\"lazy\" decoding=\"async\" width=\"1024\" height=\"384\" data-attachment-id=\"13288\" data-permalink=\"https:\/\/oderbruchmuseum.de\/pl\/raeume-und-ausstellungen\/vorlageslider-kopie-2\/\" data-orig-file=\"https:\/\/oderbruchmuseum.de\/wp-content\/uploads\/2024\/03\/vorlageSlider-Kopie-2.webp\" data-orig-size=\"1600,600\" data-comments-opened=\"0\" data-image-meta=\"{&quot;aperture&quot;:&quot;0&quot;,&quot;credit&quot;:&quot;&quot;,&quot;camera&quot;:&quot;&quot;,&quot;caption&quot;:&quot;&quot;,&quot;created_timestamp&quot;:&quot;0&quot;,&quot;copyright&quot;:&quot;&quot;,&quot;focal_length&quot;:&quot;0&quot;,&quot;iso&quot;:&quot;0&quot;,&quot;shutter_speed&quot;:&quot;0&quot;,&quot;title&quot;:&quot;&quot;,&quot;orientation&quot;:&quot;0&quot;}\" data-image-title=\"vorlageSlider-Kopie-2\" data-image-description=\"\" data-image-caption=\"\" data-large-file=\"https:\/\/oderbruchmuseum.de\/wp-content\/uploads\/2024\/03\/vorlageSlider-Kopie-2-1024x384.webp\" src=\"https:\/\/oderbruchmuseum.de\/wp-content\/uploads\/2024\/03\/vorlageSlider-Kopie-2-1024x384.webp\" alt=\"\" class=\"wp-image-13288\" srcset=\"https:\/\/oderbruchmuseum.de\/wp-content\/uploads\/2024\/03\/vorlageSlider-Kopie-2-1024x384.webp 1024w, https:\/\/oderbruchmuseum.de\/wp-content\/uploads\/2024\/03\/vorlageSlider-Kopie-2-300x113.webp 300w, https:\/\/oderbruchmuseum.de\/wp-content\/uploads\/2024\/03\/vorlageSlider-Kopie-2-768x288.webp 768w, https:\/\/oderbruchmuseum.de\/wp-content\/uploads\/2024\/03\/vorlageSlider-Kopie-2-1536x576.webp 1536w, https:\/\/oderbruchmuseum.de\/wp-content\/uploads\/2024\/03\/vorlageSlider-Kopie-2-18x7.webp 18w, https:\/\/oderbruchmuseum.de\/wp-content\/uploads\/2024\/03\/vorlageSlider-Kopie-2.webp 1600w\" sizes=\"auto, (max-width: 1024px) 100vw, 1024px\" \/><\/figure>\n\n\n\n<h3 class=\"wp-block-heading raumeh2 has-medium-font-size\"><strong><a href=\"https:\/\/oderbruchmuseum.de\/pl\/raum-4\/\">Konwersja<\/a><\/strong><\/h3>\n\n\n\n<p>Otwarcie wystawy w czerwcu<\/p>\n\n\n\n<p><\/p>\n<\/div>\n\n\n\n<div class=\"wp-block-column is-layout-flow wp-block-column-is-layout-flow\">\n<p class=\"raumegross\">\u017b\u00f3\u0142ty salon<\/p>\n\n\n\n<figure class=\"wp-block-image size-large bildabstand\"><a href=\"https:\/\/oderbruchmuseum.de\/pl\/salon\/\"><img loading=\"lazy\" decoding=\"async\" width=\"1024\" height=\"384\" data-attachment-id=\"14073\" data-permalink=\"https:\/\/oderbruchmuseum.de\/pl\/raeume-und-ausstellungen\/gelbersalon-2\/\" data-orig-file=\"https:\/\/oderbruchmuseum.de\/wp-content\/uploads\/2025\/01\/gelbersalon.webp\" data-orig-size=\"1600,600\" data-comments-opened=\"0\" data-image-meta=\"{&quot;aperture&quot;:&quot;0&quot;,&quot;credit&quot;:&quot;&quot;,&quot;camera&quot;:&quot;&quot;,&quot;caption&quot;:&quot;&quot;,&quot;created_timestamp&quot;:&quot;0&quot;,&quot;copyright&quot;:&quot;&quot;,&quot;focal_length&quot;:&quot;0&quot;,&quot;iso&quot;:&quot;0&quot;,&quot;shutter_speed&quot;:&quot;0&quot;,&quot;title&quot;:&quot;&quot;,&quot;orientation&quot;:&quot;0&quot;}\" data-image-title=\"gelbersalon\" data-image-description=\"\" data-image-caption=\"\" data-large-file=\"https:\/\/oderbruchmuseum.de\/wp-content\/uploads\/2025\/01\/gelbersalon-1024x384.webp\" src=\"https:\/\/oderbruchmuseum.de\/wp-content\/uploads\/2025\/01\/gelbersalon-1024x384.webp\" alt=\"\" class=\"wp-image-14073\" srcset=\"https:\/\/oderbruchmuseum.de\/wp-content\/uploads\/2025\/01\/gelbersalon-1024x384.webp 1024w, https:\/\/oderbruchmuseum.de\/wp-content\/uploads\/2025\/01\/gelbersalon-300x113.webp 300w, https:\/\/oderbruchmuseum.de\/wp-content\/uploads\/2025\/01\/gelbersalon-768x288.webp 768w, https:\/\/oderbruchmuseum.de\/wp-content\/uploads\/2025\/01\/gelbersalon-1536x576.webp 1536w, https:\/\/oderbruchmuseum.de\/wp-content\/uploads\/2025\/01\/gelbersalon-18x7.webp 18w, https:\/\/oderbruchmuseum.de\/wp-content\/uploads\/2025\/01\/gelbersalon.webp 1600w\" sizes=\"auto, (max-width: 1024px) 100vw, 1024px\" \/><\/a><\/figure>\n\n\n\n<h3 class=\"wp-block-heading raumeh2 has-medium-font-size\"><a href=\"https:\/\/oderbruchmuseum.de\/pl\/salon\/\">Zaproszenie do rozmowy&nbsp;<\/a><\/h3>\n\n\n\n<p>W \u017b\u00f3\u0142tym Salonie nie siedzi si\u0119 wygodnie, ale ze wszystkimi na wysoko\u015bci oczu i wsp\u00f3\u0142odpowiedzialnie za rozmow\u0119...<\/p>\n\n\n\n<p><a href=\"https:\/\/oderbruchmuseum.de\/pl\/salon\/\">Wi\u0119cej<\/a><\/p>\n<\/div>\n<\/div>\n\n\n\n<div class=\"wp-block-columns is-layout-flex wp-container-core-columns-is-layout-9d6595d7 wp-block-columns-is-layout-flex\">\n<div class=\"wp-block-column is-layout-flow wp-block-column-is-layout-flow\">\n<div class=\"wp-block-group\"><div class=\"wp-block-group__inner-container is-layout-constrained wp-block-group-is-layout-constrained\">\n<p class=\"raumegross\">Panowie<\/p>\n\n\n\n<figure class=\"wp-block-image bildabstand\"><a href=\"https:\/\/oderbruchmuseum.de\/pl\/herrenzimmer\/\"><img decoding=\"async\" src=\"https:\/\/oderbruchmuseum.de\/wp-content\/uploads\/2022\/09\/slider-herren.jpg\" alt=\"\"\/><\/a><\/figure>\n\n\n\n<h3 class=\"wp-block-heading raumeh2 has-medium-font-size\"><a href=\"https:\/\/oderbruchmuseum.de\/pl\/herrenzimmer\/\">Filmy i archiwa<\/a><\/h3>\n\n\n\n<p>Pok\u00f3j, urz\u0105dzony we wn\u0119trzach w stylu wilhelmi\u0144skim, jest dzi\u015b tak\u017ce sal\u0105 telewizyjn\u0105...<\/p>\n\n\n\n<p><a href=\"https:\/\/oderbruchmuseum.de\/pl\/herrenzimmer\/\">Wi\u0119cej<\/a><\/p>\n\n\n\n<p><\/p>\n<\/div><\/div>\n<\/div>\n\n\n\n<div class=\"wp-block-column is-layout-flow wp-block-column-is-layout-flow\">\n<p class=\"raumegross\">Salon Obrazkowy<\/p>\n\n\n\n<figure class=\"wp-block-image size-large is-resized bildabstand\"><a href=\"https:\/\/oderbruchmuseum.de\/pl\/bildersalon\/\"><img loading=\"lazy\" decoding=\"async\" width=\"1024\" height=\"384\" data-attachment-id=\"14347\" data-permalink=\"https:\/\/oderbruchmuseum.de\/pl\/bildersalon\/b-salon-2\/\" data-orig-file=\"https:\/\/oderbruchmuseum.de\/wp-content\/uploads\/2020\/06\/B-SALON.webp\" data-orig-size=\"1600,600\" data-comments-opened=\"0\" data-image-meta=\"{&quot;aperture&quot;:&quot;0&quot;,&quot;credit&quot;:&quot;&quot;,&quot;camera&quot;:&quot;&quot;,&quot;caption&quot;:&quot;&quot;,&quot;created_timestamp&quot;:&quot;0&quot;,&quot;copyright&quot;:&quot;&quot;,&quot;focal_length&quot;:&quot;0&quot;,&quot;iso&quot;:&quot;0&quot;,&quot;shutter_speed&quot;:&quot;0&quot;,&quot;title&quot;:&quot;&quot;,&quot;orientation&quot;:&quot;0&quot;}\" data-image-title=\"B-SALON\" data-image-description=\"\" data-image-caption=\"\" data-large-file=\"https:\/\/oderbruchmuseum.de\/wp-content\/uploads\/2020\/06\/B-SALON-1024x384.webp\" src=\"https:\/\/oderbruchmuseum.de\/wp-content\/uploads\/2020\/06\/B-SALON-1024x384.webp\" alt=\"Ansicht Ausstellung\" class=\"wp-image-14347\" style=\"width:263px;height:auto\" srcset=\"https:\/\/oderbruchmuseum.de\/wp-content\/uploads\/2020\/06\/B-SALON-1024x384.webp 1024w, https:\/\/oderbruchmuseum.de\/wp-content\/uploads\/2020\/06\/B-SALON-300x113.webp 300w, https:\/\/oderbruchmuseum.de\/wp-content\/uploads\/2020\/06\/B-SALON-768x288.webp 768w, https:\/\/oderbruchmuseum.de\/wp-content\/uploads\/2020\/06\/B-SALON-1536x576.webp 1536w, https:\/\/oderbruchmuseum.de\/wp-content\/uploads\/2020\/06\/B-SALON-18x7.webp 18w, https:\/\/oderbruchmuseum.de\/wp-content\/uploads\/2020\/06\/B-SALON.webp 1600w\" sizes=\"auto, (max-width: 1024px) 100vw, 1024px\" \/><\/a><\/figure>\n\n\n\n<h3 class=\"wp-block-heading raumeh2 has-medium-font-size\"><a href=\"https:\/\/oderbruchmuseum.de\/pl\/bildersalon\/\">Zmieniaj\u0105ce si\u0119 wystawy sztuki<\/a><\/h3>\n\n\n\n<p>Oderbruch w debacie artystycznej<\/p>\n\n\n\n<p><a href=\"https:\/\/oderbruchmuseum.de\/pl\/bildersalon\/\">Wi\u0119cej<\/a><\/p>\n<\/div>\n\n\n\n<div class=\"wp-block-column is-layout-flow wp-block-column-is-layout-flow\">\n<p class=\"raumegross\">Komora rezonansowa<\/p>\n\n\n\n<figure class=\"wp-block-image bildabstand\"><a href=\"https:\/\/oderbruchmuseum.de\/pl\/kueche\/\"><img decoding=\"async\" src=\"https:\/\/oderbruchmuseum.de\/wp-content\/uploads\/2022\/04\/kueche.jpg\" alt=\"\"\/><\/a><\/figure>\n\n\n\n<p>Obiekty o tematyce roku oraz mo\u017cliwo\u015b\u0107 pozostawienia komentarzy i przemy\u015ble\u0144 na tablicy opisowej.<\/p>\n\n\n\n<p><a href=\"https:\/\/oderbruchmuseum.de\/pl\/kueche\/\">Wi\u0119cej<\/a><\/p>\n<\/div>\n<\/div>\n\n\n\n<div class=\"wp-block-columns is-layout-flex wp-container-core-columns-is-layout-9d6595d7 wp-block-columns-is-layout-flex\">\n<div class=\"wp-block-column is-layout-flow wp-block-column-is-layout-flow\">\n<div class=\"wp-block-group\"><div class=\"wp-block-group__inner-container is-layout-constrained wp-block-group-is-layout-constrained\">\n<p class=\"raumegross\">Jadalnia<\/p>\n\n\n\n<figure class=\"wp-block-image size-large bildabstand\"><a href=\"https:\/\/oderbruchmuseum.de\/pl\/speisesaal-verwandelt\/\"><img loading=\"lazy\" decoding=\"async\" width=\"1024\" height=\"384\" data-attachment-id=\"13415\" data-permalink=\"https:\/\/oderbruchmuseum.de\/pl\/speisesaal-verwandelt\/einefraubaut\/\" data-orig-file=\"https:\/\/oderbruchmuseum.de\/wp-content\/uploads\/2024\/04\/eineFraubaut.webp\" data-orig-size=\"1600,600\" data-comments-opened=\"0\" data-image-meta=\"{&quot;aperture&quot;:&quot;0&quot;,&quot;credit&quot;:&quot;&quot;,&quot;camera&quot;:&quot;&quot;,&quot;caption&quot;:&quot;&quot;,&quot;created_timestamp&quot;:&quot;0&quot;,&quot;copyright&quot;:&quot;&quot;,&quot;focal_length&quot;:&quot;0&quot;,&quot;iso&quot;:&quot;0&quot;,&quot;shutter_speed&quot;:&quot;0&quot;,&quot;title&quot;:&quot;&quot;,&quot;orientation&quot;:&quot;0&quot;}\" data-image-title=\"eineFraubaut\" data-image-description=\"\" data-image-caption=\"\" data-large-file=\"https:\/\/oderbruchmuseum.de\/wp-content\/uploads\/2024\/04\/eineFraubaut-1024x384.webp\" src=\"https:\/\/oderbruchmuseum.de\/wp-content\/uploads\/2024\/04\/eineFraubaut-1024x384.webp\" alt=\"Besuch im Speisezimmer\" class=\"wp-image-13415\" srcset=\"https:\/\/oderbruchmuseum.de\/wp-content\/uploads\/2024\/04\/eineFraubaut-1024x384.webp 1024w, https:\/\/oderbruchmuseum.de\/wp-content\/uploads\/2024\/04\/eineFraubaut-300x113.webp 300w, https:\/\/oderbruchmuseum.de\/wp-content\/uploads\/2024\/04\/eineFraubaut-768x288.webp 768w, https:\/\/oderbruchmuseum.de\/wp-content\/uploads\/2024\/04\/eineFraubaut-1536x576.webp 1536w, https:\/\/oderbruchmuseum.de\/wp-content\/uploads\/2024\/04\/eineFraubaut-18x7.webp 18w, https:\/\/oderbruchmuseum.de\/wp-content\/uploads\/2024\/04\/eineFraubaut.webp 1600w\" sizes=\"auto, (max-width: 1024px) 100vw, 1024px\" \/><\/a><\/figure>\n\n\n\n<h3 class=\"wp-block-heading raumeh2 has-medium-font-size\"><a href=\"https:\/\/oderbruchmuseum.de\/pl\/speisesaal-verwandelt\/\">Kobieta buduje ko\u015bci\u00f3\u0142<\/a><\/h3>\n\n\n\n<p>W jadalni prezentujemy produkcj\u0119 \"Kobieta buduje ko\u015bci\u00f3\u0142\" autorstwa Antje Scholz i Larsa Fischera<\/p>\n\n\n\n<p><a href=\"https:\/\/oderbruchmuseum.de\/pl\/speisesaal-verwandelt\/\">Wi\u0119cej<\/a><\/p>\n<\/div><\/div>\n<\/div>\n\n\n\n<div class=\"wp-block-column is-layout-flow wp-block-column-is-layout-flow\">\n<p class=\"raumegross\">Biblioteka<\/p>\n\n\n\n<figure class=\"wp-block-image bildabstand\"><a href=\"https:\/\/oderbruchmuseum.de\/pl\/bibliothek\/\"><img decoding=\"async\" src=\"https:\/\/oderbruchmuseum.de\/wp-content\/uploads\/2020\/06\/slider_BIBLIOTHEK.jpg\" alt=\"B\u00fccher\"\/><\/a><\/figure>\n\n\n\n<p>Literatura o muzeach, dawnych rzemios\u0142ach, rolnictwie i le\u015bnictwie, przemy\u015ble, folklorze i oczywi\u015bcie o Oderbruchu...<\/p>\n\n\n\n<p><a href=\"https:\/\/oderbruchmuseum.de\/pl\/bibliothek\/\">Wi\u0119cej<\/a><\/p>\n<\/div>\n\n\n\n<div class=\"wp-block-column is-layout-flow wp-block-column-is-layout-flow\">\n<p class=\"raumegross\">Warsztaty muzealne<\/p>\n\n\n\n<figure class=\"wp-block-image bildabstand\"><a href=\"https:\/\/oderbruchmuseum.de\/pl\/mitgebselsammlung\/\"><img decoding=\"async\" src=\"https:\/\/oderbruchmuseum.de\/wp-content\/uploads\/2020\/06\/mitgebsel-3.jpg\" alt=\"mitgebselwand\"\/><\/a><\/figure>\n\n\n\n<h3 class=\"wp-block-heading raumeh2 has-medium-font-size\"><a href=\"https:\/\/oderbruchmuseum.de\/pl\/mitgebselsammlung\/\">Kolekcja Giveaway<\/a><\/h3>\n\n\n\n<p>W ramach projektu \"Heimatarbeit\" m\u0142odzie\u017c z czterech szk\u00f3\u0142 co roku odkrywa fascynuj\u0105ce biografie zawodowe<\/p>\n\n\n\n<p><a href=\"https:\/\/oderbruchmuseum.de\/pl\/mitgebselsammlung\/\">Wi\u0119cej<\/a><\/p>\n<\/div>\n<\/div>\n\n\n\n<div class=\"wp-block-columns is-layout-flex wp-container-core-columns-is-layout-9d6595d7 wp-block-columns-is-layout-flex\">\n<div class=\"wp-block-column is-layout-flow wp-block-column-is-layout-flow\">\n<div class=\"wp-block-group\"><div class=\"wp-block-group__inner-container is-layout-constrained wp-block-group-is-layout-constrained\">\n<div style=\"height:35px\" aria-hidden=\"true\" class=\"wp-block-spacer\"><\/div>\n\n\n\n<p class=\"raumegross\">Warsztaty muzealne<\/p>\n\n\n\n<figure class=\"wp-block-image bildabstand\"><a href=\"https:\/\/oderbruchmuseum.de\/pl\/museumswerkstatt\/\"><img decoding=\"async\" src=\"https:\/\/oderbruchmuseum.de\/wp-content\/uploads\/2020\/05\/slider_OW.jpg\" alt=\"Offene Werkstatt\"\/><\/a><\/figure>\n\n\n\n<h3 class=\"wp-block-heading raumeh2 has-medium-font-size\"><a href=\"https:\/\/oderbruchmuseum.de\/pl\/museumswerkstatt\/\">Warsztat<\/a><\/h3>\n\n\n\n<p>Przestrze\u0144 do pr\u00f3bowania i tworzenia dla dzieci, m\u0142odzie\u017cy i doros\u0142ych...<\/p>\n\n\n\n<p><a href=\"https:\/\/oderbruchmuseum.de\/pl\/museumswerkstatt\/\">Wi\u0119cej<\/a><\/p>\n<\/div><\/div>\n<\/div>\n\n\n\n<div class=\"wp-block-column is-layout-flow wp-block-column-is-layout-flow\">\n<p class=\"raumegross\">Berg Schmidt Hof Farmhouse<\/p>\n\n\n\n<figure class=\"wp-block-image size-large bildabstand\"><a href=\"https:\/\/oderbruchmuseum.de\/pl\/berg-schmidt-hof\/\"><img loading=\"lazy\" decoding=\"async\" width=\"1024\" height=\"384\" data-attachment-id=\"801\" data-permalink=\"https:\/\/oderbruchmuseum.de\/pl\/slider_berschmidt-hof\/\" data-orig-file=\"https:\/\/oderbruchmuseum.de\/wp-content\/uploads\/2020\/05\/slider_Berschmidt-Hof.jpg\" data-orig-size=\"1600,600\" data-comments-opened=\"0\" data-image-meta=\"{&quot;aperture&quot;:&quot;0&quot;,&quot;credit&quot;:&quot;&quot;,&quot;camera&quot;:&quot;&quot;,&quot;caption&quot;:&quot;&quot;,&quot;created_timestamp&quot;:&quot;0&quot;,&quot;copyright&quot;:&quot;Alex \\&quot;Pop\\&quot; Schirmer&quot;,&quot;focal_length&quot;:&quot;0&quot;,&quot;iso&quot;:&quot;0&quot;,&quot;shutter_speed&quot;:&quot;0&quot;,&quot;title&quot;:&quot;&quot;,&quot;orientation&quot;:&quot;0&quot;}\" data-image-title=\"slider_Berschmidt-Hof\" data-image-description=\"\" data-image-caption=\"\" data-large-file=\"https:\/\/oderbruchmuseum.de\/wp-content\/uploads\/2020\/05\/slider_Berschmidt-Hof-1024x384.jpg\" src=\"https:\/\/oderbruchmuseum.de\/wp-content\/uploads\/2020\/05\/slider_Berschmidt-Hof-1024x384.jpg\" alt=\"Spruchtafel auf Tapete\" class=\"wp-image-801\" srcset=\"https:\/\/oderbruchmuseum.de\/wp-content\/uploads\/2020\/05\/slider_Berschmidt-Hof-1024x384.jpg 1024w, https:\/\/oderbruchmuseum.de\/wp-content\/uploads\/2020\/05\/slider_Berschmidt-Hof-300x113.jpg 300w, https:\/\/oderbruchmuseum.de\/wp-content\/uploads\/2020\/05\/slider_Berschmidt-Hof-768x288.jpg 768w, https:\/\/oderbruchmuseum.de\/wp-content\/uploads\/2020\/05\/slider_Berschmidt-Hof-1536x576.jpg 1536w, https:\/\/oderbruchmuseum.de\/wp-content\/uploads\/2020\/05\/slider_Berschmidt-Hof.jpg 1600w\" sizes=\"auto, (max-width: 1024px) 100vw, 1024px\" \/><\/a><\/figure>\n\n\n\n<h3 class=\"wp-block-heading raumeh2 has-medium-font-size\"><a href=\"https:\/\/oderbruchmuseum.de\/pl\/berg-schmidt-hof\/\">Dom wiejski<\/a><\/h3>\n\n\n\n<p>Zbudowany w 1829 r. po po\u017carze wioski, dzisiejsza wystawa wn\u0119trz domu wiejskiego prezentuje meble i <\/p>\n\n\n\n<p><a href=\"https:\/\/oderbruchmuseum.de\/pl\/berg-schmidt-hof\/\">Wi\u0119cej<\/a><\/p>\n<\/div>\n\n\n\n<div class=\"wp-block-column is-layout-flow wp-block-column-is-layout-flow\">\n<div style=\"height:35px\" aria-hidden=\"true\" class=\"wp-block-spacer\"><\/div>\n\n\n\n<p class=\"raumegross\">Stodo\u0142a z kamienia polnego<\/p>\n\n\n\n<figure class=\"wp-block-image size-large bildabstand\"><a href=\"https:\/\/oderbruchmuseum.de\/pl\/feldsteinscheune\/\"><img loading=\"lazy\" decoding=\"async\" width=\"1024\" height=\"384\" data-attachment-id=\"13268\" data-permalink=\"https:\/\/oderbruchmuseum.de\/pl\/raeume-und-ausstellungen\/eisenaustellung\/\" data-orig-file=\"https:\/\/oderbruchmuseum.de\/wp-content\/uploads\/2024\/03\/eisenaustellung.webp\" data-orig-size=\"1600,600\" data-comments-opened=\"0\" data-image-meta=\"{&quot;aperture&quot;:&quot;0&quot;,&quot;credit&quot;:&quot;&quot;,&quot;camera&quot;:&quot;&quot;,&quot;caption&quot;:&quot;&quot;,&quot;created_timestamp&quot;:&quot;0&quot;,&quot;copyright&quot;:&quot;&quot;,&quot;focal_length&quot;:&quot;0&quot;,&quot;iso&quot;:&quot;0&quot;,&quot;shutter_speed&quot;:&quot;0&quot;,&quot;title&quot;:&quot;&quot;,&quot;orientation&quot;:&quot;0&quot;}\" data-image-title=\"eisenaustellung\" data-image-description=\"\" data-image-caption=\"\" data-large-file=\"https:\/\/oderbruchmuseum.de\/wp-content\/uploads\/2024\/03\/eisenaustellung-1024x384.webp\" src=\"https:\/\/oderbruchmuseum.de\/wp-content\/uploads\/2024\/03\/eisenaustellung-1024x384.webp\" alt=\"Eisenausstellung\" class=\"wp-image-13268\" srcset=\"https:\/\/oderbruchmuseum.de\/wp-content\/uploads\/2024\/03\/eisenaustellung-1024x384.webp 1024w, https:\/\/oderbruchmuseum.de\/wp-content\/uploads\/2024\/03\/eisenaustellung-300x113.webp 300w, https:\/\/oderbruchmuseum.de\/wp-content\/uploads\/2024\/03\/eisenaustellung-768x288.webp 768w, https:\/\/oderbruchmuseum.de\/wp-content\/uploads\/2024\/03\/eisenaustellung-1536x576.webp 1536w, https:\/\/oderbruchmuseum.de\/wp-content\/uploads\/2024\/03\/eisenaustellung-18x7.webp 18w, https:\/\/oderbruchmuseum.de\/wp-content\/uploads\/2024\/03\/eisenaustellung.webp 1600w\" sizes=\"auto, (max-width: 1024px) 100vw, 1024px\" \/><\/a><\/figure>\n\n\n\n<h3 class=\"wp-block-heading raumeh2 has-medium-font-size\"><a href=\"https:\/\/oderbruchmuseum.de\/pl\/feldsteinscheune\/\">Magia pracy<\/a><\/h3>\n\n\n\n<p>W Berg-Schmidt-Hof prezentujemy fascynuj\u0105c\u0105 instalacj\u0119 \"Magia pracy\" autorstwa Antje Scholze, sk\u0142adaj\u0105c\u0105 si\u0119 z r\u00f3\u017cnorodnych narz\u0119dzi rzemie\u015blniczych z kutego \u017celaza.<\/p>\n\n\n\n<p><a href=\"https:\/\/oderbruchmuseum.de\/pl\/feldsteinscheune\/\">Wi\u0119cej<\/a><\/p>\n<\/div>\n<\/div>\n\n\n\n<div class=\"wp-block-columns is-layout-flex wp-container-core-columns-is-layout-9d6595d7 wp-block-columns-is-layout-flex\">\n<div class=\"wp-block-column is-layout-flow wp-block-column-is-layout-flow\">\n<div class=\"wp-block-group\"><div class=\"wp-block-group__inner-container is-layout-constrained wp-block-group-is-layout-constrained\">\n<p class=\"raumegross\">Ceglana stodo\u0142a<br><\/p>\n\n\n\n<figure class=\"wp-block-image size-large bildabstand\"><a href=\"https:\/\/oderbruchmuseum.de\/pl\/ziegelscheune\/\"><img loading=\"lazy\" decoding=\"async\" width=\"1024\" height=\"384\" data-attachment-id=\"11666\" data-permalink=\"https:\/\/oderbruchmuseum.de\/pl\/schaudepot\/\" data-orig-file=\"https:\/\/oderbruchmuseum.de\/wp-content\/uploads\/2023\/05\/schaudepot.jpg\" data-orig-size=\"1600,600\" data-comments-opened=\"0\" data-image-meta=\"{&quot;aperture&quot;:&quot;0&quot;,&quot;credit&quot;:&quot;&quot;,&quot;camera&quot;:&quot;&quot;,&quot;caption&quot;:&quot;&quot;,&quot;created_timestamp&quot;:&quot;0&quot;,&quot;copyright&quot;:&quot;&quot;,&quot;focal_length&quot;:&quot;0&quot;,&quot;iso&quot;:&quot;0&quot;,&quot;shutter_speed&quot;:&quot;0&quot;,&quot;title&quot;:&quot;&quot;,&quot;orientation&quot;:&quot;0&quot;}\" data-image-title=\"schaudepot\" data-image-description=\"\" data-image-caption=\"\" data-large-file=\"https:\/\/oderbruchmuseum.de\/wp-content\/uploads\/2023\/05\/schaudepot-1024x384.jpg\" src=\"https:\/\/oderbruchmuseum.de\/wp-content\/uploads\/2023\/05\/schaudepot-1024x384.jpg\" alt=\"\" class=\"wp-image-11666\" srcset=\"https:\/\/oderbruchmuseum.de\/wp-content\/uploads\/2023\/05\/schaudepot-1024x384.jpg 1024w, https:\/\/oderbruchmuseum.de\/wp-content\/uploads\/2023\/05\/schaudepot-300x113.jpg 300w, https:\/\/oderbruchmuseum.de\/wp-content\/uploads\/2023\/05\/schaudepot-768x288.jpg 768w, https:\/\/oderbruchmuseum.de\/wp-content\/uploads\/2023\/05\/schaudepot-1536x576.jpg 1536w, https:\/\/oderbruchmuseum.de\/wp-content\/uploads\/2023\/05\/schaudepot-18x7.jpg 18w, https:\/\/oderbruchmuseum.de\/wp-content\/uploads\/2023\/05\/schaudepot.jpg 1600w\" sizes=\"auto, (max-width: 1024px) 100vw, 1024px\" \/><\/a><\/figure>\n\n\n\n<h3 class=\"wp-block-heading raumeh2 has-medium-font-size\"><a href=\"https:\/\/oderbruchmuseum.de\/pl\/ziegelscheune\/\">Show depot<\/a><\/h3>\n\n\n\n<p>W ceglanej stodole na farmie, zbudowanej w 1892 roku, stopniowo rozwijamy magazyn pokazowy.<\/p>\n\n\n\n<p><a href=\"https:\/\/oderbruchmuseum.de\/pl\/ziegelscheune\/\">Wi\u0119cej<\/a><\/p>\n<\/div><\/div>\n<\/div>\n\n\n\n<div class=\"wp-block-column is-layout-flow wp-block-column-is-layout-flow\">\n<p class=\"raumegross\">Zesp\u00f3\u0142 dom\u00f3w rybackich<\/p>\n\n\n\n<figure class=\"wp-block-image bildabstand\"><a href=\"https:\/\/oderbruchmuseum.de\/pl\/fischerhaus\/\"><img decoding=\"async\" src=\"https:\/\/oderbruchmuseum.de\/wp-content\/uploads\/2020\/06\/fischerhaus-schick.jpg\" alt=\"Fischerhaus\"\/><\/a><\/figure>\n\n\n\n<h3 class=\"wp-block-heading raumeh2 has-medium-font-size\"><a href=\"https:\/\/oderbruchmuseum.de\/pl\/fischerhaus\/\">Warsztaty studenckie i instalacja<\/a><\/h3>\n\n\n\n<p>Stara cha\u0142upa robotnika rolnego, przygotowana na warsztaty muzealne...<\/p>\n\n\n\n<p><a href=\"https:\/\/oderbruchmuseum.de\/pl\/fischerhaus\/\">Wi\u0119cej<\/a><\/p>\n<\/div>\n\n\n\n<div class=\"wp-block-column is-layout-flow wp-block-column-is-layout-flow\">\n<p class=\"raumegross\">Spritzenhaus<\/p>\n\n\n\n<figure class=\"wp-block-image size-large bildabstand\"><a href=\"https:\/\/oderbruchmuseum.de\/pl\/spritzenhaus\/\"><img loading=\"lazy\" decoding=\"async\" width=\"1024\" height=\"384\" data-attachment-id=\"14183\" data-permalink=\"https:\/\/oderbruchmuseum.de\/pl\/spritzenhaus\/spritzenhausjpg\/\" data-orig-file=\"https:\/\/oderbruchmuseum.de\/wp-content\/uploads\/2020\/05\/spritzenhausjpg.jpg\" data-orig-size=\"1600,600\" data-comments-opened=\"0\" data-image-meta=\"{&quot;aperture&quot;:&quot;0&quot;,&quot;credit&quot;:&quot;&quot;,&quot;camera&quot;:&quot;&quot;,&quot;caption&quot;:&quot;&quot;,&quot;created_timestamp&quot;:&quot;0&quot;,&quot;copyright&quot;:&quot;Alex \\&quot;Pop\\&quot; Schirmer&quot;,&quot;focal_length&quot;:&quot;0&quot;,&quot;iso&quot;:&quot;0&quot;,&quot;shutter_speed&quot;:&quot;0&quot;,&quot;title&quot;:&quot;&quot;,&quot;orientation&quot;:&quot;0&quot;}\" data-image-title=\"spritzenhausjpg\" data-image-description=\"\" data-image-caption=\"\" data-large-file=\"https:\/\/oderbruchmuseum.de\/wp-content\/uploads\/2020\/05\/spritzenhausjpg-1024x384.jpg\" src=\"https:\/\/oderbruchmuseum.de\/wp-content\/uploads\/2020\/05\/spritzenhausjpg-1024x384.jpg\" alt=\"Buntes Fenster\" class=\"wp-image-14183\" srcset=\"https:\/\/oderbruchmuseum.de\/wp-content\/uploads\/2020\/05\/spritzenhausjpg-1024x384.jpg 1024w, https:\/\/oderbruchmuseum.de\/wp-content\/uploads\/2020\/05\/spritzenhausjpg-300x113.jpg 300w, https:\/\/oderbruchmuseum.de\/wp-content\/uploads\/2020\/05\/spritzenhausjpg-768x288.jpg 768w, https:\/\/oderbruchmuseum.de\/wp-content\/uploads\/2020\/05\/spritzenhausjpg-1536x576.jpg 1536w, https:\/\/oderbruchmuseum.de\/wp-content\/uploads\/2020\/05\/spritzenhausjpg-18x7.jpg 18w, https:\/\/oderbruchmuseum.de\/wp-content\/uploads\/2020\/05\/spritzenhausjpg.jpg 1600w\" sizes=\"auto, (max-width: 1024px) 100vw, 1024px\" \/><\/a><\/figure>\n\n\n\n<h3 class=\"wp-block-heading raumeh2 has-medium-font-size\"><a href=\"https:\/\/oderbruchmuseum.de\/pl\/spritzenhaus\/\">Spritzenhaus<\/a><\/h3>\n\n\n\n<p>Honor, serce, ogie\u0144, woda - i m\u0142odo\u015b\u0107: instalacja o Ochotniczej Stra\u017cy Po\u017carnej w tera\u017aniejszo\u015bci.<\/p>\n\n\n\n<p><a href=\"https:\/\/oderbruchmuseum.de\/pl\/spritzenhaus\/\">Wi\u0119cej<\/a><\/p>\n<\/div>\n<\/div>\n\n\n\n<div class=\"wp-block-columns is-layout-flex wp-container-core-columns-is-layout-9d6595d7 wp-block-columns-is-layout-flex\">\n<div class=\"wp-block-column is-layout-flow wp-block-column-is-layout-flow\">\n<div class=\"wp-block-group\"><div class=\"wp-block-group__inner-container is-layout-constrained wp-block-group-is-layout-constrained\">\n<p class=\"raumegross\">Ko\u015bci\u00f3\u0142 patronacki<\/p>\n\n\n\n<figure class=\"wp-block-image size-large bildabstand\"><a href=\"https:\/\/oderbruchmuseum.de\/pl\/patronatskirche\/\"><img loading=\"lazy\" decoding=\"async\" width=\"1024\" height=\"384\" data-attachment-id=\"12269\" data-permalink=\"https:\/\/oderbruchmuseum.de\/pl\/slider-kirche\/\" data-orig-file=\"https:\/\/oderbruchmuseum.de\/wp-content\/uploads\/2023\/09\/slider-kirche.jpg\" data-orig-size=\"1600,600\" data-comments-opened=\"0\" data-image-meta=\"{&quot;aperture&quot;:&quot;0&quot;,&quot;credit&quot;:&quot;&quot;,&quot;camera&quot;:&quot;&quot;,&quot;caption&quot;:&quot;&quot;,&quot;created_timestamp&quot;:&quot;0&quot;,&quot;copyright&quot;:&quot;&quot;,&quot;focal_length&quot;:&quot;0&quot;,&quot;iso&quot;:&quot;0&quot;,&quot;shutter_speed&quot;:&quot;0&quot;,&quot;title&quot;:&quot;&quot;,&quot;orientation&quot;:&quot;0&quot;}\" data-image-title=\"slider-kirche\" data-image-description=\"\" data-image-caption=\"\" data-large-file=\"https:\/\/oderbruchmuseum.de\/wp-content\/uploads\/2023\/09\/slider-kirche-1024x384.jpg\" src=\"https:\/\/oderbruchmuseum.de\/wp-content\/uploads\/2023\/09\/slider-kirche-1024x384.jpg\" alt=\"Kronleuchter mit Deckengem\u00e4lde\" class=\"wp-image-12269\" srcset=\"https:\/\/oderbruchmuseum.de\/wp-content\/uploads\/2023\/09\/slider-kirche-1024x384.jpg 1024w, https:\/\/oderbruchmuseum.de\/wp-content\/uploads\/2023\/09\/slider-kirche-300x113.jpg 300w, https:\/\/oderbruchmuseum.de\/wp-content\/uploads\/2023\/09\/slider-kirche-768x288.jpg 768w, https:\/\/oderbruchmuseum.de\/wp-content\/uploads\/2023\/09\/slider-kirche-1536x576.jpg 1536w, https:\/\/oderbruchmuseum.de\/wp-content\/uploads\/2023\/09\/slider-kirche-18x7.jpg 18w, https:\/\/oderbruchmuseum.de\/wp-content\/uploads\/2023\/09\/slider-kirche.jpg 1600w\" sizes=\"auto, (max-width: 1024px) 100vw, 1024px\" \/><\/a><\/figure>\n\n\n\n<h3 class=\"wp-block-heading raumeh2 has-medium-font-size\"><a href=\"https:\/\/oderbruchmuseum.de\/pl\/patronatskirche\/\">Ko\u015bci\u00f3\u0142 patronacki<\/a><\/h3>\n\n\n\n<p>Ko\u015bci\u00f3\u0142 Altranfter zawsze by\u0142 ko\u015bcio\u0142em-c\u00f3rk\u0105 ko\u015bcio\u0142a Freienwald, ale panowie dworu od wiek\u00f3w sprawowali tu patronat.<\/p>\n\n\n\n<p><a href=\"https:\/\/oderbruchmuseum.de\/pl\/patronatskirche\/\">Wi\u0119cej<\/a><\/p>\n<\/div><\/div>\n<\/div>\n\n\n\n<div class=\"wp-block-column is-layout-flow wp-block-column-is-layout-flow\">\n<p class=\"raumegross\">Schmiedehof<\/p>\n\n\n\n<figure class=\"wp-block-image size-large bildabstand\"><a href=\"https:\/\/oderbruchmuseum.de\/pl\/schmiede\/\"><img loading=\"lazy\" decoding=\"async\" width=\"1024\" height=\"384\" data-attachment-id=\"11053\" data-permalink=\"https:\/\/oderbruchmuseum.de\/pl\/raeume-und-ausstellungen\/schmiede-2\/\" data-orig-file=\"https:\/\/oderbruchmuseum.de\/wp-content\/uploads\/2023\/04\/schmiede.jpg\" data-orig-size=\"1600,600\" data-comments-opened=\"0\" data-image-meta=\"{&quot;aperture&quot;:&quot;0&quot;,&quot;credit&quot;:&quot;&quot;,&quot;camera&quot;:&quot;&quot;,&quot;caption&quot;:&quot;&quot;,&quot;created_timestamp&quot;:&quot;0&quot;,&quot;copyright&quot;:&quot;&quot;,&quot;focal_length&quot;:&quot;0&quot;,&quot;iso&quot;:&quot;0&quot;,&quot;shutter_speed&quot;:&quot;0&quot;,&quot;title&quot;:&quot;&quot;,&quot;orientation&quot;:&quot;0&quot;}\" data-image-title=\"schmiede\" data-image-description=\"\" data-image-caption=\"\" data-large-file=\"https:\/\/oderbruchmuseum.de\/wp-content\/uploads\/2023\/04\/schmiede-1024x384.jpg\" src=\"https:\/\/oderbruchmuseum.de\/wp-content\/uploads\/2023\/04\/schmiede-1024x384.jpg\" alt=\"\" class=\"wp-image-11053\" srcset=\"https:\/\/oderbruchmuseum.de\/wp-content\/uploads\/2023\/04\/schmiede-1024x384.jpg 1024w, https:\/\/oderbruchmuseum.de\/wp-content\/uploads\/2023\/04\/schmiede-300x113.jpg 300w, https:\/\/oderbruchmuseum.de\/wp-content\/uploads\/2023\/04\/schmiede-768x288.jpg 768w, https:\/\/oderbruchmuseum.de\/wp-content\/uploads\/2023\/04\/schmiede-1536x576.jpg 1536w, https:\/\/oderbruchmuseum.de\/wp-content\/uploads\/2023\/04\/schmiede-18x7.jpg 18w, https:\/\/oderbruchmuseum.de\/wp-content\/uploads\/2023\/04\/schmiede.jpg 1600w\" sizes=\"auto, (max-width: 1024px) 100vw, 1024px\" \/><\/a><\/figure>\n\n\n\n<h3 class=\"wp-block-heading raumeh2 has-medium-font-size\"><a href=\"https:\/\/oderbruchmuseum.de\/pl\/schmiede\/\">Zak\u0142ad kowalski<\/a><\/h3>\n\n\n\n<p>Zagroda kowalska nale\u017ca\u0142a do kowala z Altranft Ernsta Charl\u00e9 i jest \u015bwiadectwem z\u0142otej ziemi starego rzemios\u0142a.<\/p>\n\n\n\n<p><a href=\"https:\/\/oderbruchmuseum.de\/pl\/schmiede\/\">Wi\u0119cej<\/a><\/p>\n<\/div>\n\n\n\n<div class=\"wp-block-column is-layout-flow wp-block-column-is-layout-flow\">\n<p class=\"raumegross\"><\/p>\n<\/div>\n<\/div>\n\n\n\n<style>\nh2 .raumeh2 a:link,h2 .raumeh2 a:visited  {\n  font-weight: bold;\nfont-size:1.8rem;\ncolor:red;\n}\n.abstandoben{margin-top:20px;}\n  \n.raumegross{\ncolor:#164194;\n\/*margin-bottom:-35px;*\/margin-bottom: -0.3em;\nfont-size:1.8em;\nfont-weight:800;line-height: 1.1;}\n.bildabstand{margin-bottom: 0.3em;}\n<\/style>","protected":false},"excerpt":{"rendered":"<p>Park zamkowy Park zamkowy Altranft jest klejnotem brandenburskiej architektury krajobrazu. Czytaj wi\u0119cej Zamek Zamek jest obecnie centralnym budynkiem wystawowym Muzeum Oderbruch. Czytaj wi\u0119cej Galeria Oderbruch System wodny, rolnictwo, kultura budowlana, ludzie, przyroda Czytaj wi\u0119cej Galeria The web Praca Antje Scholz o specyficznej topografii Oderbruch, jego napi\u0119tych warunkach wodnych i trudnym \u017cyciu wsi na polderze... Czytaj wi\u0119cej Prezentacja Miejsca dziedzictwa kulturowego Oderbruch z przydatnymi informacjami oraz ma\u0142ymi przewodnikami turystycznymi<\/p>","protected":false},"author":1,"featured_media":0,"parent":0,"menu_order":0,"comment_status":"closed","ping_status":"closed","template":"","meta":{"inline_featured_image":false,"footnotes":""},"class_list":["post-10460","page","type-page","status-publish","hentry"],"yoast_head":"<!-- This site is optimized with the Yoast SEO plugin v27.5 - https:\/\/yoast.com\/product\/yoast-seo-wordpress\/ -->\n<title>R\u00e4ume und Ausstellungen - Oderbruch Museum Altranft<\/title>\n<meta name=\"robots\" content=\"index, follow, max-snippet:-1, max-image-preview:large, max-video-preview:-1\" \/>\n<link rel=\"canonical\" href=\"https:\/\/oderbruchmuseum.de\/pl\/raeume-und-ausstellungen\/\" \/>\n<meta property=\"og:locale\" content=\"pl_PL\" \/>\n<meta property=\"og:type\" content=\"article\" \/>\n<meta property=\"og:title\" content=\"R\u00e4ume und Ausstellungen - Oderbruch Museum Altranft\" \/>\n<meta property=\"og:description\" content=\"Schlosspark Park Der Altranfter Schlosspark ist ein Kleinod der brandenburgischen Landschaftsarchitektur. Weiterlesen Schloss Schloss Heute ist das Schloss der zentrale Ausstellungsbau des Oderbruchmuseums. Weiterlesen Galerie Das Oderbruch Wassersystem, Landwirtschaft, Baukultur, Menschen, Natur Weiterlesen Galerie Das Gespinst Eine Arbeit von Antje Scholz \u00fcber die eigenwillige Topografie des Oderbruchs, seine angespannten Wasserverh\u00e4ltnisse und den Seiltanz des Lebens der D\u00f6rfer im Polder\u2026 Weiterlesen Schaukasten Kulturerbe-Orte des Oderbruchs mit hilfreichen Informationen, dazu kleine Reisef\u00fchrer\" \/>\n<meta property=\"og:url\" content=\"https:\/\/oderbruchmuseum.de\/pl\/raeume-und-ausstellungen\/\" \/>\n<meta property=\"og:site_name\" content=\"Oderbruch Museum Altranft\" \/>\n<meta property=\"article:publisher\" content=\"https:\/\/www.facebook.com\/oderbruchmuseum\/\" \/>\n<meta property=\"article:modified_time\" content=\"2026-02-22T18:53:08+00:00\" \/>\n<meta property=\"og:image\" content=\"https:\/\/oderbruchmuseum.de\/wp-content\/uploads\/2020\/06\/slider_Museum4.jpg\" \/>\n\t<meta property=\"og:image:width\" content=\"1600\" \/>\n\t<meta property=\"og:image:height\" content=\"600\" \/>\n\t<meta property=\"og:image:type\" content=\"image\/jpeg\" \/>\n<meta name=\"twitter:card\" content=\"summary_large_image\" \/>\n<meta name=\"twitter:label1\" content=\"Szacowany czas czytania\" \/>\n\t<meta name=\"twitter:data1\" content=\"8 minut\" \/>\n<script type=\"application\/ld+json\" class=\"yoast-schema-graph\">{\"@context\":\"https:\\\/\\\/schema.org\",\"@graph\":[{\"@type\":\"WebPage\",\"@id\":\"https:\\\/\\\/oderbruchmuseum.de\\\/raeume-und-ausstellungen\\\/\",\"url\":\"https:\\\/\\\/oderbruchmuseum.de\\\/raeume-und-ausstellungen\\\/\",\"name\":\"R\u00e4ume und Ausstellungen - Oderbruch Museum Altranft\",\"isPartOf\":{\"@id\":\"https:\\\/\\\/oderbruchmuseum.de\\\/#website\"},\"primaryImageOfPage\":{\"@id\":\"https:\\\/\\\/oderbruchmuseum.de\\\/raeume-und-ausstellungen\\\/#primaryimage\"},\"image\":{\"@id\":\"https:\\\/\\\/oderbruchmuseum.de\\\/raeume-und-ausstellungen\\\/#primaryimage\"},\"thumbnailUrl\":\"https:\\\/\\\/oderbruchmuseum.de\\\/wp-content\\\/uploads\\\/2020\\\/06\\\/slider_Museum4-1024x384.jpg\",\"datePublished\":\"2023-02-16T13:26:48+00:00\",\"dateModified\":\"2026-02-22T18:53:08+00:00\",\"breadcrumb\":{\"@id\":\"https:\\\/\\\/oderbruchmuseum.de\\\/raeume-und-ausstellungen\\\/#breadcrumb\"},\"inLanguage\":\"pl-PL\",\"potentialAction\":[{\"@type\":\"ReadAction\",\"target\":[\"https:\\\/\\\/oderbruchmuseum.de\\\/raeume-und-ausstellungen\\\/\"]}]},{\"@type\":\"ImageObject\",\"inLanguage\":\"pl-PL\",\"@id\":\"https:\\\/\\\/oderbruchmuseum.de\\\/raeume-und-ausstellungen\\\/#primaryimage\",\"url\":\"https:\\\/\\\/oderbruchmuseum.de\\\/wp-content\\\/uploads\\\/2020\\\/06\\\/slider_Museum4-1024x384.jpg\",\"contentUrl\":\"https:\\\/\\\/oderbruchmuseum.de\\\/wp-content\\\/uploads\\\/2020\\\/06\\\/slider_Museum4-1024x384.jpg\"},{\"@type\":\"BreadcrumbList\",\"@id\":\"https:\\\/\\\/oderbruchmuseum.de\\\/raeume-und-ausstellungen\\\/#breadcrumb\",\"itemListElement\":[{\"@type\":\"ListItem\",\"position\":1,\"name\":\"Startseite\",\"item\":\"https:\\\/\\\/oderbruchmuseum.de\\\/\"},{\"@type\":\"ListItem\",\"position\":2,\"name\":\"R\u00e4ume und Ausstellungen\"}]},{\"@type\":\"WebSite\",\"@id\":\"https:\\\/\\\/oderbruchmuseum.de\\\/#website\",\"url\":\"https:\\\/\\\/oderbruchmuseum.de\\\/\",\"name\":\"Oderbruchmuseum Altranft\",\"description\":\"Werkstatt f\u00fcr l\u00e4ndliche Kultur\",\"publisher\":{\"@id\":\"https:\\\/\\\/oderbruchmuseum.de\\\/#organization\"},\"potentialAction\":[{\"@type\":\"SearchAction\",\"target\":{\"@type\":\"EntryPoint\",\"urlTemplate\":\"https:\\\/\\\/oderbruchmuseum.de\\\/?s={search_term_string}\"},\"query-input\":{\"@type\":\"PropertyValueSpecification\",\"valueRequired\":true,\"valueName\":\"search_term_string\"}}],\"inLanguage\":\"pl-PL\"},{\"@type\":\"Organization\",\"@id\":\"https:\\\/\\\/oderbruchmuseum.de\\\/#organization\",\"name\":\"Oderbruchmuseum\",\"url\":\"https:\\\/\\\/oderbruchmuseum.de\\\/\",\"logo\":{\"@type\":\"ImageObject\",\"inLanguage\":\"pl-PL\",\"@id\":\"https:\\\/\\\/oderbruchmuseum.de\\\/#\\\/schema\\\/logo\\\/image\\\/\",\"url\":\"https:\\\/\\\/oderbruchmuseum.de\\\/wp-content\\\/uploads\\\/2020\\\/05\\\/rad-oderbruchmuseum.png\",\"contentUrl\":\"https:\\\/\\\/oderbruchmuseum.de\\\/wp-content\\\/uploads\\\/2020\\\/05\\\/rad-oderbruchmuseum.png\",\"width\":487,\"height\":451,\"caption\":\"Oderbruchmuseum\"},\"image\":{\"@id\":\"https:\\\/\\\/oderbruchmuseum.de\\\/#\\\/schema\\\/logo\\\/image\\\/\"},\"sameAs\":[\"https:\\\/\\\/www.facebook.com\\\/oderbruchmuseum\\\/\",\"https:\\\/\\\/www.instagram.com\\\/oderbruchmuseum\\\/\"]}]}<\/script>\n<!-- \/ Yoast SEO plugin. -->","yoast_head_json":{"title":"Pomieszczenia i wystawy - Muzeum Oderbruch Altranft","robots":{"index":"index","follow":"follow","max-snippet":"max-snippet:-1","max-image-preview":"max-image-preview:large","max-video-preview":"max-video-preview:-1"},"canonical":"https:\/\/oderbruchmuseum.de\/pl\/raeume-und-ausstellungen\/","og_locale":"pl_PL","og_type":"article","og_title":"R\u00e4ume und Ausstellungen - Oderbruch Museum Altranft","og_description":"Schlosspark Park Der Altranfter Schlosspark ist ein Kleinod der brandenburgischen Landschaftsarchitektur. Weiterlesen Schloss Schloss Heute ist das Schloss der zentrale Ausstellungsbau des Oderbruchmuseums. Weiterlesen Galerie Das Oderbruch Wassersystem, Landwirtschaft, Baukultur, Menschen, Natur Weiterlesen Galerie Das Gespinst Eine Arbeit von Antje Scholz \u00fcber die eigenwillige Topografie des Oderbruchs, seine angespannten Wasserverh\u00e4ltnisse und den Seiltanz des Lebens der D\u00f6rfer im Polder\u2026 Weiterlesen Schaukasten Kulturerbe-Orte des Oderbruchs mit hilfreichen Informationen, dazu kleine Reisef\u00fchrer","og_url":"https:\/\/oderbruchmuseum.de\/pl\/raeume-und-ausstellungen\/","og_site_name":"Oderbruch Museum Altranft","article_publisher":"https:\/\/www.facebook.com\/oderbruchmuseum\/","article_modified_time":"2026-02-22T18:53:08+00:00","og_image":[{"width":1600,"height":600,"url":"https:\/\/oderbruchmuseum.de\/wp-content\/uploads\/2020\/06\/slider_Museum4.jpg","type":"image\/jpeg"}],"twitter_card":"summary_large_image","twitter_misc":{"Szacowany czas czytania":"8 minut"},"schema":{"@context":"https:\/\/schema.org","@graph":[{"@type":"WebPage","@id":"https:\/\/oderbruchmuseum.de\/raeume-und-ausstellungen\/","url":"https:\/\/oderbruchmuseum.de\/raeume-und-ausstellungen\/","name":"Pomieszczenia i wystawy - Muzeum Oderbruch Altranft","isPartOf":{"@id":"https:\/\/oderbruchmuseum.de\/#website"},"primaryImageOfPage":{"@id":"https:\/\/oderbruchmuseum.de\/raeume-und-ausstellungen\/#primaryimage"},"image":{"@id":"https:\/\/oderbruchmuseum.de\/raeume-und-ausstellungen\/#primaryimage"},"thumbnailUrl":"https:\/\/oderbruchmuseum.de\/wp-content\/uploads\/2020\/06\/slider_Museum4-1024x384.jpg","datePublished":"2023-02-16T13:26:48+00:00","dateModified":"2026-02-22T18:53:08+00:00","breadcrumb":{"@id":"https:\/\/oderbruchmuseum.de\/raeume-und-ausstellungen\/#breadcrumb"},"inLanguage":"pl-PL","potentialAction":[{"@type":"ReadAction","target":["https:\/\/oderbruchmuseum.de\/raeume-und-ausstellungen\/"]}]},{"@type":"ImageObject","inLanguage":"pl-PL","@id":"https:\/\/oderbruchmuseum.de\/raeume-und-ausstellungen\/#primaryimage","url":"https:\/\/oderbruchmuseum.de\/wp-content\/uploads\/2020\/06\/slider_Museum4-1024x384.jpg","contentUrl":"https:\/\/oderbruchmuseum.de\/wp-content\/uploads\/2020\/06\/slider_Museum4-1024x384.jpg"},{"@type":"BreadcrumbList","@id":"https:\/\/oderbruchmuseum.de\/raeume-und-ausstellungen\/#breadcrumb","itemListElement":[{"@type":"ListItem","position":1,"name":"Startseite","item":"https:\/\/oderbruchmuseum.de\/"},{"@type":"ListItem","position":2,"name":"R\u00e4ume und Ausstellungen"}]},{"@type":"WebSite","@id":"https:\/\/oderbruchmuseum.de\/#website","url":"https:\/\/oderbruchmuseum.de\/","name":"Muzeum Oderbruch Altranft","description":"Warsztaty kultury wiejskiej","publisher":{"@id":"https:\/\/oderbruchmuseum.de\/#organization"},"potentialAction":[{"@type":"SearchAction","target":{"@type":"EntryPoint","urlTemplate":"https:\/\/oderbruchmuseum.de\/?s={search_term_string}"},"query-input":{"@type":"PropertyValueSpecification","valueRequired":true,"valueName":"search_term_string"}}],"inLanguage":"pl-PL"},{"@type":"Organization","@id":"https:\/\/oderbruchmuseum.de\/#organization","name":"Muzeum Oderbruch","url":"https:\/\/oderbruchmuseum.de\/","logo":{"@type":"ImageObject","inLanguage":"pl-PL","@id":"https:\/\/oderbruchmuseum.de\/#\/schema\/logo\/image\/","url":"https:\/\/oderbruchmuseum.de\/wp-content\/uploads\/2020\/05\/rad-oderbruchmuseum.png","contentUrl":"https:\/\/oderbruchmuseum.de\/wp-content\/uploads\/2020\/05\/rad-oderbruchmuseum.png","width":487,"height":451,"caption":"Oderbruchmuseum"},"image":{"@id":"https:\/\/oderbruchmuseum.de\/#\/schema\/logo\/image\/"},"sameAs":["https:\/\/www.facebook.com\/oderbruchmuseum\/","https:\/\/www.instagram.com\/oderbruchmuseum\/"]}]}},"jetpack_sharing_enabled":true,"_links":{"self":[{"href":"https:\/\/oderbruchmuseum.de\/pl\/wp-json\/wp\/v2\/pages\/10460","targetHints":{"allow":["GET"]}}],"collection":[{"href":"https:\/\/oderbruchmuseum.de\/pl\/wp-json\/wp\/v2\/pages"}],"about":[{"href":"https:\/\/oderbruchmuseum.de\/pl\/wp-json\/wp\/v2\/types\/page"}],"author":[{"embeddable":true,"href":"https:\/\/oderbruchmuseum.de\/pl\/wp-json\/wp\/v2\/users\/1"}],"replies":[{"embeddable":true,"href":"https:\/\/oderbruchmuseum.de\/pl\/wp-json\/wp\/v2\/comments?post=10460"}],"version-history":[{"count":1,"href":"https:\/\/oderbruchmuseum.de\/pl\/wp-json\/wp\/v2\/pages\/10460\/revisions"}],"predecessor-version":[{"id":15593,"href":"https:\/\/oderbruchmuseum.de\/pl\/wp-json\/wp\/v2\/pages\/10460\/revisions\/15593"}],"wp:attachment":[{"href":"https:\/\/oderbruchmuseum.de\/pl\/wp-json\/wp\/v2\/media?parent=10460"}],"curies":[{"name":"wp","href":"https:\/\/api.w.org\/{rel}","templated":true}]}}